{"id":2884,"date":"2014-04-24T02:45:46","date_gmt":"2014-04-24T02:45:46","guid":{"rendered":"http:\/\/emilyrosemichaud.com\/fr\/?page_id=2884"},"modified":"2020-06-29T18:23:31","modified_gmt":"2020-06-29T18:23:31","slug":"workshops","status":"publish","type":"page","link":"https:\/\/emilyrosemichaud.com\/fr\/workshops","title":{"rendered":"Workshops"},"content":{"rendered":"<div class=\"wpb-content-wrapper\">[vc_row][vc_column]<h3 class=\"vcex-module vcex-heading vcex-heading-plain\"><span class=\"vcex-heading-inner clr\">Ateliers<\/span><\/h3>[vc_column_text css=\u00a0\u00bb.vc_custom_1593455005380{margin-top: 10px !important;}\u00a0\u00bb]Emily Rose Michaud<br \/>\nArtiste ~ \u00c9ducatrice (B.A.V., B.\u00c9d)<\/p>\n<p>Je fais partie des programmes suivants :<br \/>\nMASC (Est de l\u2019Ontario | L\u2019Ouest du Qu\u00e9bec)<br \/>\n<a href=\"https:\/\/artistsinspire.ca\/artist\/emily-rose-michaud\/\">Artists Inspire (ELAN)<\/a><br \/>\nLa culture \u00e0 l\u2019\u00e9cole (QC)<br \/>\nInfolettre de 2019-2020\u00a0<a href=\"https:\/\/us12.campaign-archive.com\/?e=&amp;u=d87d8053b9b1d389e588b6cb0&amp;id=bc87e2560f\">ici<\/a>.<br \/>\nSpecialis\u00e9 en programmes Art &amp; Nature<br \/>\nEnseignante certifi\u00e9e de l\u2019Ontario*, OCT # : 664176<\/p>\n<p>*Ordre des enseignants et des enseignantes de l\u2019Ontario.[\/vc_column_text]<div class=\"vcex-spacing\" style=\"height:60px\"><\/div><div class=\"vcex-spacing\" style=\"height:30px\"><\/div><div class=\"vcex-module vcex-feature-box clr left-image-right-content\"><div class=\"vcex-feature-box-media clr\" style=\"width:30%;\"><div class=\"vcex-feature-box-image\" ><img decoding=\"async\" data-src=\"https:\/\/emilyrosemichaud.com\/wp-content\/uploads\/2015\/06\/DSCN4499-e1433999520185.jpg\" alt='' data-no-retina width=\"800\" height=\"600\" src=\"data:image\/gif;base64,R0lGODlhAQABAAAAACH5BAEKAAEALAAAAAABAAEAAAICTAEAOw==\" class=\"lazyload\" style=\"--smush-placeholder-width: 800px; --smush-placeholder-aspect-ratio: 800\/600;\" \/><\/div><\/div><div class=\"vcex-feature-box-content clr\" style=\"width:70%;\"><h2 class=\"vcex-feature-box-heading heading-typography\">Ateliers cr\u00e9atifs<\/h2><div class=\"vcex-feature-box-text clr\"><p><span style=\"font-weight: 400\">Depuis 2004, j\u2019offre des ateliers d&rsquo;art de mani\u00e8re ind\u00e9pendante, et propose des ateliers \u00e0 l&rsquo;int\u00e9rieur et \u00e0 l&rsquo;ext\u00e9rieur de l&rsquo;institution. Depuis 2019, je suis membre de <\/span><a href=\"http:\/\/www.masconline.ca\/en\/who-we-are.aspx\"><span style=\"font-weight: 400\">MASC<\/span><\/a><span style=\"font-weight: 400\"> et du programme <\/span><a href=\"https:\/\/artistsinspire.ca\/artist\/emily-rose-michaud\/\"><span style=\"font-weight: 400\">Artists Inspire<\/span><\/a><span style=\"font-weight: 400\"> du <\/span><i><span style=\"font-weight: 400\">English Language Arts Network <\/span><\/i><span style=\"font-weight: 400\">(ELAN). Je travaille avec des jeunes, des adolescents, des adultes et des personnes \u00e2g\u00e9es dans tous les m\u00e9dias, aux fins de loisir (expression \u00e9motionnel), pour l&rsquo;\u00e9ducation et le d\u00e9veloppement de portfolio.<\/span><\/p>\n<p><span style=\"font-weight: 400\">Les ateliers sont con\u00e7us pour r\u00e9pondre aux besoins, aux int\u00e9r\u00eats, aux comp\u00e9tences et aux talents de groupes sp\u00e9cifiques. Les m\u00e9dias comprennent : la peinture, le dessin, les m\u00e9dias mixtes, le land art et les projets pour les espaces publics (l\u2019art en relation \u00e0 l&rsquo;environnement urbain ou rural). Contactez Emily pour r\u00e9server une session ou pour en discuter. Les tarifs varient pour les \u00e9coles, les groupes et les besoins particuliers. Ma programmation s\u2019adresse \u00e0 tous les \u00e2ges et \u00e0 plusieur besoins sp\u00e9ciaux, en anglais et en fran\u00e7ais. R\u00e9servations en cours pour les visites scolaires en 2020\/2021. <\/span><b>Veuillez consulter les propositions d&rsquo;ateliers cr\u00e9atifs les plus r\u00e9centes ici : <\/b><a href=\"https:\/\/www.emilyrosemichaud.com\/wp-content\/uploads\/2019\/01\/MICHAUD_2019_Programs.pdf\"><b>Programmes<\/b><\/a><b> + <\/b><a href=\"https:\/\/us12.campaign-archive.com\/?e=&amp;u=d87d8053b9b1d389e588b6cb0&amp;id=bc87e2560f\"><b>Bulletin d&rsquo;information.<\/b><\/a><\/p>\n<p><a href=\"http:\/\/www.masconline.ca\/en\/artists\/directory\/emily-rose-michaud.aspx\"><b>MASC<\/b><\/a><b> &#8211; <\/b><span style=\"font-weight: 400\">Cette ann\u00e9e, j&rsquo;ai l&rsquo;honneur d&rsquo;\u00eatre inscrite sur la liste des artistes de\u00a0 l&rsquo;organisation MASC. Travaillant \u00e0 partir de diverses traditions culturelles, les artistes du MASC offrent des ateliers, des spectacles, des programmes d&rsquo;artistes en r\u00e9sidence et du perfectionnement professionnel en musique, en danse, en th\u00e9\u00e2tre, en litt\u00e9rature, en arts m\u00e9diatiques et visuels. <\/span><a href=\"http:\/\/www.masconline.ca\/fr\/artistes\/directory\/emily-rose-michaud.aspx\"><span style=\"font-weight: 400\">Les programmes de MASC<\/span><\/a><span style=\"font-weight: 400\"> sont offerts au <\/span><i><span style=\"font-weight: 400\">Ottawa-Carleton District School Board<\/span><\/i><span style=\"font-weight: 400\"> ainsi qu&rsquo;\u00e0 toutes les commissions scolaires francophones et anglophones de l&rsquo;Est de l&rsquo;Ontario et de l&rsquo;Ouest du Qu\u00e9bec. Mes programmes sont offerts aux \u00e9l\u00e8ves de la maternelle \u00e0 la 12e ann\u00e9e, ainsi qu&rsquo;aux jeunes et aux adultes dans divers milieux communautaires (garderies, mus\u00e9es, Commission de la capitale nationale (CCN), festivals et r\u00e9sidences pour les a\u00een\u00e9s).<\/span><\/p>\n<p><a href=\"https:\/\/www.oct.ca\/\"><b>Ordre des enseignant.es de l&rsquo;Ontario<\/b><\/a><span style=\"font-weight: 400\"> &#8211; Je suis \u00e9galement une enseignante agr\u00e9\u00e9 par l&rsquo;Ordre des enseignants de l&rsquo;Ontario (OCT), je parle couramment l&rsquo;anglais et le fran\u00e7ais et je suis capable de travailler dans des environnements vari\u00e9s des deux c\u00f4t\u00e9s de la rivi\u00e8re, dans toute la r\u00e9gion de la capitale nationale.\u00a0<\/span><\/p>\n<p><a href=\"http:\/\/artistsinspire.ca\/\"><b>Le programme &lsquo;Artists Inspire&rsquo;<\/b><\/a><b> &#8211; <\/b><span style=\"font-weight: 400\">Si vous travaillez dans une \u00e9cole anglophone au Qu\u00e9bec et que vous cherchez des possibilit\u00e9s de financement afin de me permettre d\u2019organiser un projet artistique dans votre \u00e9cole, sachez que chaque \u00e9cole primaire et secondaire publique anglophone au Qu\u00e9bec est admissible \u00e0 une subvention de 1 500 $ gr\u00e2ce au financement du gouvernement du Canada. <\/span><i><span style=\"font-weight: 400\">Artists Inspire<\/span><\/i><span style=\"font-weight: 400\"> est une initiative du <\/span><a href=\"http:\/\/www.quebec-elan.org\/\"><i><span style=\"font-weight: 400\">English Language Arts Network<\/span><\/i><\/a><span style=\"font-weight: 400\"> (ELAN) en partenariat avec LEARN. Consultez le programme en d\u00e9tail dans cette <\/span><a href=\"https:\/\/artistsinspire.ca\/wp-content\/uploads\/2019\/08\/AIG_4-page_brochure_letter-200dpi-links.pdf\"><span style=\"font-weight: 400\">brochure<\/span><\/a><b>.<\/b><\/p>\n<\/div><\/div><\/div><div class=\"vcex-module vcex-feature-box clr left-image-right-content\" style=\"padding-top:50px;\"><div class=\"vcex-feature-box-media clr\" style=\"width:30%;\"><div class=\"vcex-feature-box-image\" ><img decoding=\"async\" data-src=\"https:\/\/emilyrosemichaud.com\/wp-content\/uploads\/2015\/06\/emilyrosemichaud-gallery0509.jpg\" alt='' data-no-retina width=\"600\" height=\"800\" src=\"data:image\/gif;base64,R0lGODlhAQABAAAAACH5BAEKAAEALAAAAAABAAEAAAICTAEAOw==\" class=\"lazyload\" style=\"--smush-placeholder-width: 600px; --smush-placeholder-aspect-ratio: 600\/800;\" \/><\/div><\/div><div class=\"vcex-feature-box-content clr\" style=\"width:70%;\"><h2 class=\"vcex-feature-box-heading heading-typography\">Ateliers de tapisserie vivante<\/h2><div class=\"vcex-feature-box-text clr\"><p><span style=\"font-weight: 400\">Cet atelier unique permet aux participants d&rsquo;apprendre les bases de la germination tout en exp\u00e9rimentant la magie des tapisseries vivantes, dont les racines se lient au tissu comme une broderie vivante. C&rsquo;est une excellente fa\u00e7on d&rsquo;exp\u00e9rimenter sur une tapisserie \u00e0 petite \u00e9chelle tout en apprenant des trucs de culture concrets qui peuvent \u00eatre traduits dans sa propre pratique cr\u00e9ative. Les mat\u00e9riaux utilis\u00e9s sont la toile de jute, les graines et les suppl\u00e9ments min\u00e9raux. <\/span><b>T\u00e9l\u00e9chargez <\/b><a href=\"http:\/\/www.emilyrosemichaud.com\/wp-content\/uploads\/2014\/09\/Living-Tapestry.pdf\"><b>la recette pour une tapisserie vivante.<\/b><\/a><b>\u00a0<\/b><\/p>\n<p><b>Vous voulez r\u00e9server un atelier ? T\u00e9l\u00e9chargez <\/b><a href=\"https:\/\/www.emilyrosemichaud.com\/wp-content\/uploads\/2015\/06\/Living-Tapestry-Brochure_2019.pdf\"><b>les ateliers de tapisserie vivantes<\/b><\/a><b> pour en savoir plus.<\/b><\/p>\n<\/div><\/div><\/div><div class=\"vcex-module vcex-feature-box clr left-image-right-content\" style=\"padding-top:50px;\"><div class=\"vcex-feature-box-media clr\" style=\"width:30%;\"><div class=\"vcex-feature-box-image\" ><img decoding=\"async\" data-src=\"https:\/\/emilyrosemichaud.com\/wp-content\/uploads\/2014\/04\/sample_j-1024x1024.jpg\" alt='' data-no-retina width=\"1024\" height=\"1024\" src=\"data:image\/gif;base64,R0lGODlhAQABAAAAACH5BAEKAAEALAAAAAABAAEAAAICTAEAOw==\" class=\"lazyload\" style=\"--smush-placeholder-width: 1024px; --smush-placeholder-aspect-ratio: 1024\/1024;\" \/><\/div><\/div><div class=\"vcex-feature-box-content clr\" style=\"width:70%;\"><h2 class=\"vcex-feature-box-heading heading-typography\">Programme La culture \u00e0 l\u2019\u00e9cole (Qu\u00e9bec)<\/h2><div class=\"vcex-feature-box-text clr\"><p><span style=\"font-weight: 400\">J\u2019anime des ateliers d&rsquo;art et d&rsquo;\u00e9cologie dans les \u00e9coles publiques dans le cadre du programme <\/span><a href=\"https:\/\/cultureeducation.mcc.gouv.qc.ca\/\"><span style=\"font-weight: 400\">La culture \u00e0 l\u2019\u00e9cole<\/span><\/a><span style=\"font-weight: 400\">. Mon profil peut \u00eatre consult\u00e9 \u00e0 <\/span><a href=\"https:\/\/www.emilyrosemichaud.com\/wp-content\/uploads\/2015\/06\/Bottin_culture_education_interactif.pdf\"><span style=\"font-weight: 400\">la page 18 du Bottin des resources culturelles de l\u2019Outaouais<\/span><\/a><span style=\"font-weight: 400\">. Le minist\u00e8re de la Culture du Qu\u00e9bec prend en charge les frais de chaque visite scolaire.<\/span><\/p>\n<p><b>Consultez les <\/b><a href=\"https:\/\/www.emilyrosemichaud.com\/wp-content\/uploads\/2019\/01\/MICHAUD_2019_Programs.pdf?fbclid=IwAR1Cf2sxz2GX2fyExDzoVbhP-fJwrljhytEdAsNkoeSIsJFJsEJ207T3V2M\"><b>ateliers<\/b><\/a><b> propos\u00e9s, ainsi que mon dernier <\/b><a href=\"https:\/\/us12.campaign-archive.com\/?e=&amp;u=d87d8053b9b1d389e588b6cb0&amp;id=bc87e2560f\"><b>bulletin d&rsquo;information<\/b><\/a><b> pour plus de d\u00e9tails.<\/b><\/p>\n<p><span style=\"font-weight: 400\">Des ateliers d&rsquo;automne et de printemps pour les \u00e9coles de toutes les r\u00e9gions du Qu\u00e9bec sont en cours de r\u00e9servation, mais les dates sont limit\u00e9es. Si vous \u00eates un enseignant.e au Qu\u00e9bec et souhaitez qu&rsquo;Emily offre ces programmes \u00e0 votre \u00e9cole, veuillez la contacter pour discuter du programme que vous aimeriez \u00e0 votre \u00e9cole.<\/span><\/p>\n<\/div><\/div><\/div><div class=\"vcex-module vcex-feature-box clr left-image-right-content\" style=\"padding-top:50px;\"><div class=\"vcex-feature-box-media clr\" style=\"width:30%;\"><div class=\"vcex-feature-box-image\" ><img decoding=\"async\" data-src=\"https:\/\/emilyrosemichaud.com\/wp-content\/uploads\/2014\/04\/fort2-1024x1024.jpg\" alt='' data-no-retina width=\"1024\" height=\"1024\" src=\"data:image\/gif;base64,R0lGODlhAQABAAAAACH5BAEKAAEALAAAAAABAAEAAAICTAEAOw==\" class=\"lazyload\" style=\"--smush-placeholder-width: 1024px; --smush-placeholder-aspect-ratio: 1024\/1024;\" \/><\/div><\/div><div class=\"vcex-feature-box-content clr\" style=\"width:70%;\"><h2 class=\"vcex-feature-box-heading heading-typography\">Cours d'art et camps<\/h2><div class=\"vcex-feature-box-text clr\"><p><span style=\"font-weight: 400\">J&rsquo;enseigne de fa\u00e7on ind\u00e9pendante ainsi qu&rsquo;\u00e0 l&rsquo;\u00c9cole d&rsquo;art d&rsquo;Ottawa depuis 2004. J\u2019\u00e9tais co-fondateur\/directeur d&rsquo;un <\/span><a href=\"http:\/\/campartnature.ca\/\"><span style=\"font-weight: 400\">camp d&rsquo;\u00e9t\u00e9 sur le th\u00e8me de l&rsquo;art et de la nature<\/span><\/a><span style=\"font-weight: 400\"> \u00e0 la ferme 100 Mile \u00e0 Wakefield, au Qu\u00e9bec (2009 \u00e0 2018).<\/span><\/p>\n<\/div><\/div><\/div>[\/vc_column][\/vc_row]\n<\/div>","protected":false},"excerpt":{"rendered":"<p>[vc_row][vc_column][vc_column_text css=\u00a0\u00bb.vc_custom_1593455005380{margin-top: 10px !important;}\u00a0\u00bb]Emily Rose Michaud Artiste ~ \u00c9ducatrice (B.A.V., B.\u00c9d) Je fais partie des programmes suivants : MASC (Est de l\u2019Ontario | L\u2019Ouest du Qu\u00e9bec) Artists Inspire (ELAN) La culture \u00e0 l\u2019\u00e9cole (QC) Infolettre de 2019-2020\u00a0ici. Specialis\u00e9 en programmes&hellip;<\/p>\n","protected":false},"author":2,"featured_media":0,"parent":0,"menu_order":0,"comment_status":"closed","ping_status":"closed","template":"","meta":{"footnotes":""},"class_list":["post-2884","page","type-page","status-publish","hentry","entry","no-media"],"_links":{"self":[{"href":"https:\/\/emilyrosemichaud.com\/fr\/wp-json\/wp\/v2\/pages\/2884","targetHints":{"allow":["GET"]}}],"collection":[{"href":"https:\/\/emilyrosemichaud.com\/fr\/wp-json\/wp\/v2\/pages"}],"about":[{"href":"https:\/\/emilyrosemichaud.com\/fr\/wp-json\/wp\/v2\/types\/page"}],"author":[{"embeddable":true,"href":"https:\/\/emilyrosemichaud.com\/fr\/wp-json\/wp\/v2\/users\/2"}],"replies":[{"embeddable":true,"href":"https:\/\/emilyrosemichaud.com\/fr\/wp-json\/wp\/v2\/comments?post=2884"}],"version-history":[{"count":20,"href":"https:\/\/emilyrosemichaud.com\/fr\/wp-json\/wp\/v2\/pages\/2884\/revisions"}],"predecessor-version":[{"id":5277,"href":"https:\/\/emilyrosemichaud.com\/fr\/wp-json\/wp\/v2\/pages\/2884\/revisions\/5277"}],"wp:attachment":[{"href":"https:\/\/emilyrosemichaud.com\/fr\/wp-json\/wp\/v2\/media?parent=2884"}],"curies":[{"name":"wp","href":"https:\/\/api.w.org\/{rel}","templated":true}]}}