{"id":2912,"date":"2014-04-24T02:46:56","date_gmt":"2014-04-24T02:46:56","guid":{"rendered":"http:\/\/emilyrosemichaud.com\/fr\/publications"},"modified":"2020-05-27T16:12:38","modified_gmt":"2020-05-27T16:12:38","slug":"media-print","status":"publish","type":"page","link":"https:\/\/emilyrosemichaud.com\/fr\/media-print","title":{"rendered":"Media + Print"},"content":{"rendered":"<div class=\"wpb-content-wrapper\">[vc_row][vc_column]<h3 class=\"vcex-module vcex-heading vcex-heading-plain\"><span class=\"vcex-heading-inner clr\">Publications<\/span><\/h3><div class=\"vcex-spacing\" style=\"height:30px\"><\/div><div class=\"vcex-module vcex-feature-box clr left-image-right-content\"><div class=\"vcex-feature-box-media clr\" style=\"width:30%;\"><div class=\"vcex-feature-box-image\" ><img decoding=\"async\" data-src=\"https:\/\/emilyrosemichaud.com\/wp-content\/uploads\/2017\/03\/image33-1024x1024.jpg\" alt='' data-no-retina width=\"1024\" height=\"1024\" src=\"data:image\/gif;base64,R0lGODlhAQABAAAAACH5BAEKAAEALAAAAAABAAEAAAICTAEAOw==\" class=\"lazyload\" style=\"--smush-placeholder-width: 1024px; --smush-placeholder-aspect-ratio: 1024\/1024;\" \/><\/div><\/div><div class=\"vcex-feature-box-content clr\" style=\"width:70%;\"><h2 class=\"vcex-feature-box-heading heading-typography\">Le Pouvoir aux Pousses! | Publication de \u2018zines ind\u00e9pendante.<\/h2><div class=\"vcex-feature-box-text clr\"><p><b>Le Pouvoir aux Pousses! | Publication de \u2018zines ind\u00e9pendante.<\/b><\/p>\n<p>La s\u00e9rie de publications de<i>\u00a0Pouvoir aux Pousses! (Guide sur la culture des pousses + manifesta pour une subsistence \u00e0 \u00e9chelle humaine, 2007; et Occupons la ville avec le land art &amp; les jardins clandestins, 2013),<\/i>\u00a0<i>s<\/i>e trouve sur les \u00e9tag\u00e8res suivantes dans les environs de Montr\u00e9al : Librairie l\u2019Insoumise ; Centre Clark ; Monastiraki ; Concordia Coop Bookstore; Caf\u00e9 Atomic (dans Hochelaga-Maisonneuve).<\/p>\n<p><b>Contactez-moi directement si vous souhaitez en recevoir par la poste !<\/b><\/p>\n<p><b>\u00c9ditions :\u00a0<\/b><\/p>\n<p>2007 \u2013\u00a0<b><i>Le Pouvoir aux Pousses! Guide sur la culture des pousses + manifesta pour une subsistence \u00e0 \u00e9chelle humaine<\/i><\/b><b>.\u00a0<\/b>20 pages, noir\/blanc.\u00a0<b>$5-<\/b><\/p>\n<p>2013 \u2013\u00a0<b><i>Le Pouvoir aux Pousses! Occupons la ville avec le land art &amp; les jardins clandestins.<\/i><\/b>\u00a032 pages, noir\/blanc.\u00a0<b>$7-<\/b><\/p>\n<\/div><\/div><\/div><div class=\"vcex-module vcex-feature-box clr left-image-right-content\" style=\"padding-top:50px;\"><div class=\"vcex-feature-box-media clr\" style=\"width:30%;\"><div class=\"vcex-feature-box-image\" ><img decoding=\"async\" data-src=\"https:\/\/emilyrosemichaud.com\/wp-content\/uploads\/2015\/06\/emilyrosemichaud_publication04.jpg\" alt='' data-no-retina width=\"400\" height=\"503\" src=\"data:image\/gif;base64,R0lGODlhAQABAAAAACH5BAEKAAEALAAAAAABAAEAAAICTAEAOw==\" class=\"lazyload\" style=\"--smush-placeholder-width: 400px; --smush-placeholder-aspect-ratio: 400\/503;\" \/><\/div><\/div><div class=\"vcex-feature-box-content clr\" style=\"width:70%;\"><h2 class=\"vcex-feature-box-heading heading-typography\">Penser avec l\u2019eau<\/h2><div class=\"vcex-feature-box-text clr\"><p><a href=\"https:\/\/www.emilyrosemichaud.com\/wp-content\/uploads\/2014\/12\/WaterCover.pdf\"><b>Penser avec l\u2019eau<\/b><\/a><\/p>\n<p>Les archives du projet comprennent des extraits du spectacle de rue,\u00a0<i>Buvez de la $ource<\/i>.<br \/>\nR\u00e9dig\u00e9e par Cecilia Chen, Janine MacLeod, Astrida Neimanis.<\/p>\n<p><a href=\"http:\/\/www.mqup.ca\/thinking-with-water-products-9780773541801.php\"><b>Acheter le livre<\/b><\/a><\/p>\n<p>S\u2019appuyant sur un ensemble de contributeurs aux parcours vari\u00e9s,\u00a0<i>Penser avec l\u2019eau\u00a0<\/i>pr\u00e9sente les travaux de critiques, d\u2019universitaires, d\u2019artistes et de po\u00e8tes dans une invitation \u00e0 accorder plus d\u2019attention aux aspects aqueux de nos vies.<\/p>\n<\/div><\/div><\/div><div class=\"vcex-module vcex-feature-box clr left-image-right-content\" style=\"padding-top:50px;\"><div class=\"vcex-feature-box-media clr\" style=\"width:30%;\"><div class=\"vcex-feature-box-image\" ><img decoding=\"async\" data-src=\"https:\/\/emilyrosemichaud.com\/wp-content\/uploads\/2014\/02\/9780262525527.jpg\" alt='' data-no-retina width=\"220\" height=\"330\" src=\"data:image\/gif;base64,R0lGODlhAQABAAAAACH5BAEKAAEALAAAAAABAAEAAAICTAEAOw==\" class=\"lazyload\" style=\"--smush-placeholder-width: 220px; --smush-placeholder-aspect-ratio: 220\/330;\" \/><\/div><\/div><div class=\"vcex-feature-box-content clr\" style=\"width:70%;\"><h2 class=\"vcex-feature-box-heading heading-typography\">Le Champ des Possibles<\/h2><div class=\"vcex-feature-box-text clr\"><p><a href=\"https:\/\/www.emilyrosemichaud.com\/wp-content\/uploads\/2014\/08\/Le-Champ-des-Possibles.pdf\"><b>Le Champ des Possibles | The Field of Possibilities<\/b><\/a><\/p>\n<p><i>par Owen McSwiney et Emily Rose Michaud, r\u00e9dig\u00e9 par Matt Ratto et Megan Boler.<\/i><\/p>\n<p>Inclus dans la publication :\u00a0<a href=\"https:\/\/www.emilyrosemichaud.com\/wp-content\/uploads\/2014\/08\/DIY-Citizenship.pdf\"><b><i>DIY Citizenship: Critical Making and Social Media<\/i><\/b><\/a><\/p>\n<p>&nbsp;<\/p>\n<p><a href=\"http:\/\/mitpress.mit.edu\/books\/diy-citizenship\"><b>Acheter le livre<\/b><\/a><\/p>\n<\/div><\/div><\/div><div class=\"vcex-module vcex-feature-box clr left-image-right-content\" style=\"padding-top:50px;\"><div class=\"vcex-feature-box-media clr\" style=\"width:30%;\"><div class=\"vcex-feature-box-image\" ><img decoding=\"async\" data-src=\"https:\/\/emilyrosemichaud.com\/wp-content\/uploads\/2015\/06\/emilyrosemichaud_publication02.jpg\" alt='' data-no-retina width=\"600\" height=\"402\" src=\"data:image\/gif;base64,R0lGODlhAQABAAAAACH5BAEKAAEALAAAAAABAAEAAAICTAEAOw==\" class=\"lazyload\" style=\"--smush-placeholder-width: 600px; --smush-placeholder-aspect-ratio: 600\/402;\" \/><\/div><\/div><div class=\"vcex-feature-box-content clr\" style=\"width:70%;\"><h2 class=\"vcex-feature-box-heading heading-typography\">Relations en \u00e9cologie<\/h2><div class=\"vcex-feature-box-text clr\"><p><a href=\"https:\/\/www.emilyrosemichaud.com\/wp-content\/uploads\/2014\/08\/Relationships-In-Ecology.pdf\"><b>Relations en \u00e9cologie | Des artistes qui communent avec le reste de la cr\u00e9ation<\/b><\/a><\/p>\n<p><i>par Emily Rose Michaud<\/i><\/p>\n<\/div><\/div><\/div><div class=\"vcex-module vcex-feature-box clr left-image-right-content\" style=\"padding-top:50px;\"><div class=\"vcex-feature-box-media clr\" style=\"width:30%;\"><div class=\"vcex-feature-box-image\" ><img decoding=\"async\" data-src=\"https:\/\/emilyrosemichaud.com\/wp-content\/uploads\/2015\/06\/emilyrosemichaud_publication01.jpg\" alt='' data-no-retina width=\"600\" height=\"399\" src=\"data:image\/gif;base64,R0lGODlhAQABAAAAACH5BAEKAAEALAAAAAABAAEAAAICTAEAOw==\" class=\"lazyload\" style=\"--smush-placeholder-width: 600px; --smush-placeholder-aspect-ratio: 600\/399;\" \/><\/div><\/div><div class=\"vcex-feature-box-content clr\" style=\"width:70%;\"><h2 class=\"vcex-feature-box-heading heading-typography\">Le projet Roerich Garden<\/h2><div class=\"vcex-feature-box-text clr\"><p><a href=\"http:\/\/roerichproject.artefati.ca\/\"><b>Le projet Roerich Garden | terrain vague, engagement des citoyens et ville ouverte<\/b><\/a><\/p>\n<p><i>r\u00e9dig\u00e9e\/produit par Christine Pr\u00e9fontaine et Emily Rose Michaud<\/i><\/p>\n<p>livre \u00e9lectronique publi\u00e9 par\u00a0<a href=\"http:\/\/www.artefati.ca\/\">Artefatica<\/a><\/p>\n<\/div><\/div><\/div><div class=\"vcex-spacing\" style=\"height:60px\"><\/div><h3 class=\"vcex-module vcex-heading vcex-heading-plain\"><span class=\"vcex-heading-inner clr\">Conf\u00e9rences<\/span><\/h3>[vc_column_text css=\u00a0\u00bb.vc_custom_1590594039973{margin-top: 10px !important;}\u00a0\u00bb]Je suis disponible pour pr\u00e9senter, discuter et partager mon travail dans les domaines de l\u2019art, de l\u2019activisme et de l\u2019\u00e9cologie. Vous trouverez ci-dessous des exemples de pr\u00e9sentations r\u00e9centes.[\/vc_column_text]<div class=\"vcex-spacing\" style=\"height:30px\"><\/div><div class=\"vcex-module vcex-feature-box clr left-image-right-content\" style=\"padding-top:50px;\"><div class=\"vcex-feature-box-media clr\" style=\"width:30%;\"><div class=\"vcex-feature-box-image\" ><img decoding=\"async\" data-src=\"https:\/\/emilyrosemichaud.com\/wp-content\/uploads\/2014\/04\/dog-saves-the-queen-panel-3.-515x800.jpg\" alt='' data-no-retina width=\"230\" height=\"357\" src=\"data:image\/gif;base64,R0lGODlhAQABAAAAACH5BAEKAAEALAAAAAABAAEAAAICTAEAOw==\" class=\"lazyload\" style=\"--smush-placeholder-width: 230px; --smush-placeholder-aspect-ratio: 230\/357;\" \/><\/div><\/div><div class=\"vcex-feature-box-content clr\" style=\"width:70%;\"><h2 class=\"vcex-feature-box-heading heading-typography\">Art as Resistance<\/h2><div class=\"vcex-feature-box-text clr\"><p><a href=\"http:\/\/www.ottawaartgallery.ca\/content\/panel-discussion-art-resistance\"><b>L\u2019art comme r\u00e9sistance<\/b>,<\/a>\u00a0<i>Galerie d\u2019art d\u2019Ottawa, ao\u00fbt 2014.<\/i><\/p>\n<p>Une table ronde sur l\u2019art socialement engag\u00e9, la r\u00e9sistance et la r\u00e9volution. En collaboration avec le Forum social du peuple.<\/p>\n<p><a href=\"https:\/\/www.youtube.com\/watch?v=TYUnDQgJcig\"><b>Discussion<\/b><\/a>, \u00e0 36:22.<\/p>\n<\/div><\/div><\/div><div class=\"vcex-module vcex-feature-box clr left-image-right-content\" style=\"padding-top:50px;\"><div class=\"vcex-feature-box-media clr\" style=\"width:30%;\"><div class=\"vcex-feature-box-image\" ><img decoding=\"async\" data-src=\"https:\/\/emilyrosemichaud.com\/wp-content\/uploads\/2014\/04\/Screen-Shot-2015-05-29-at-3.18.07-PM.png\" alt='' data-no-retina width=\"1000\" height=\"696\" src=\"data:image\/gif;base64,R0lGODlhAQABAAAAACH5BAEKAAEALAAAAAABAAEAAAICTAEAOw==\" class=\"lazyload\" style=\"--smush-placeholder-width: 1000px; --smush-placeholder-aspect-ratio: 1000\/696;\" \/><\/div><\/div><div class=\"vcex-feature-box-content clr\" style=\"width:70%;\"><h2 class=\"vcex-feature-box-heading heading-typography\">SOIL: Source of Life<\/h2><div class=\"vcex-feature-box-text clr\"><p><a href=\"http:\/\/soillife.org\/\"><b>SOL : Source de vie<\/b><\/a>,\u00a0<i>Th\u00e9\u00e2tre DB Clarke, Universit\u00e9 Concordia, janvier 2014.<\/i><\/p>\n<p>Conf\u00e9rence organis\u00e9e par Myc\u00e9lium &amp; Compost Montr\u00e9al. Une soir\u00e9e d\u2019exploration et de discussion sur le sol, source de vie. Six individus influents qui travaillent intimement, physiquement ou m\u00e9taphoriquement avec le sol pr\u00e9senteront leurs pens\u00e9es, leurs espoirs, leurs pr\u00e9occupations et leurs conseils sur cette pr\u00e9cieuse ressource, menant \u00e0 un dialogue avec l\u2019auditoire sur les actions que nous pourrions prendre individuellement et collectivement pour prot\u00e9ger et restaurer cette pr\u00e9cieuse ressource.<\/p>\n<\/div><\/div><\/div><div class=\"vcex-module vcex-feature-box clr left-image-right-content\" style=\"padding-top:50px;\"><div class=\"vcex-feature-box-media clr\" style=\"width:30%;\"><div class=\"vcex-feature-box-image\" ><img decoding=\"async\" data-src=\"https:\/\/emilyrosemichaud.com\/wp-content\/uploads\/2015\/06\/Screen-Shot-2015-06-08-at-7.24.56-PM.png\" alt='' data-no-retina width=\"952\" height=\"602\" src=\"data:image\/gif;base64,R0lGODlhAQABAAAAACH5BAEKAAEALAAAAAABAAEAAAICTAEAOw==\" class=\"lazyload\" style=\"--smush-placeholder-width: 952px; --smush-placeholder-aspect-ratio: 952\/602;\" \/><\/div><\/div><div class=\"vcex-feature-box-content clr\" style=\"width:70%;\"><h2 class=\"vcex-feature-box-heading heading-typography\">Guerilla Gardens<\/h2><div class=\"vcex-feature-box-text clr\"><p><a href=\"http:\/\/211blog.drawnandquarterly.com\/2015\/04\/upcoming-workshop-sprout-out-loud-with.html\"><b>Les jardins clandestins et le land art<\/b>,<\/a>\u00a0<i>Drawn &amp; Quarterly, Montr\u00e9al, juin 2015<\/i><\/p>\n<p>Une pr\u00e9sentation visuelle et un expos\u00e9 sur les jardins de gu\u00e9rilla et le Land Art, suivis d\u2019une plantation pratique. La pr\u00e9sentation visuelle comprend des exemples d\u2019artistes travaillant en collaboration avec leur environnement imm\u00e9diat (\u00e9cologique, politique, g\u00e9ographique, social) ; des initiatives de jardinage men\u00e9es par des citoyens et leurs liens avec les mouvements\u00a0<i>grassroots<\/i>\u00a0; l\u2019utilisation des terres et la d\u00e9mocratie participative ; le land art et les jardins clandestins comme catalyseurs du changement social ; la pertinence de la po\u00e9sie dans l\u2019art pour les lieux publics.<\/p>\n<p>Compte tenu de notre r\u00f4le de pollinisateurs sociaux et culturels au niveau local et international, des gestes simples sont mis en \u00e9vidence : des gestes inclusifs, concrets, cr\u00e9atifs, interg\u00e9n\u00e9rationnels et qui affirment la vie. En ce qui concerne les espaces naturels et b\u00e2tis qui composent nos vies, cette pr\u00e9sentation vise \u00e0 donner un nouvel \u00e9lan \u00e0 une r\u00e9imagination radicale de nos villes et villages et \u00e0 la mani\u00e8re dont nous pouvons les (re)fa\u00e7onner.<\/p>\n<\/div><\/div><\/div><div class=\"vcex-spacing\" style=\"height:60px\"><\/div><h3 class=\"vcex-module vcex-heading vcex-heading-plain\"><span class=\"vcex-heading-inner clr\">Media<\/span><\/h3><div class=\"vcex-spacing\" style=\"height:30px\"><\/div>[vc_column_text]<span style=\"font-weight: 400;\">Apt613.ca, <\/span><a href=\"https:\/\/apt613.ca\/exhibition-tributaries-mississippi-valley\/\"><i><span style=\"font-weight: 400;\">Tributaries at Mississippi Valley Textile Museum<\/span><\/i><\/a><span style=\"font-weight: 400;\">, Lana Crossman, Ottawa, Ontario, avril 2018.<\/span>[\/vc_column_text]<div class=\"vcex-spacing\" style=\"height:30px\"><\/div>[vc_column_text]<span style=\"font-weight: 400;\">Le Devoir, <\/span><a href=\"http:\/\/www.ledevoir.com\/environnement\/185602\/les-guerilleros-aux-pouces-verts-courge-contre-beton\"><span style=\"font-weight: 400;\">\u00ab\u00a0Les gu\u00e9rilleros aux pouces verts- courge contre b\u00e9ton\u00a0\u00bb,<\/span><\/a><span style=\"font-weight: 400;\"> par Dennis Lord, Montr\u00e9al, Qu\u00e9bec, avril 2008.<\/span>[\/vc_column_text]<div class=\"vcex-spacing\" style=\"height:30px\"><\/div>[vc_column_text]Le Devoir, <a href=\"http:\/\/www.ledevoir.com\/societe\/257795\/guerilleros-de-la-binette\">\u00ab\u00a0Gu\u00e9rilleros de la binette\u00a0\u00bb,<\/a> Isabelle Par\u00e9, July 2009.[\/vc_column_text]<div class=\"vcex-spacing\" style=\"height:30px\"><\/div>[vc_column_text]<span style=\"font-weight: 400;\">La Gazette de Montr\u00e9al, <\/span><a href=\"http:\/\/www.canada.com\/topics\/news\/features\/story.html?id=beab0cc5-677e-4fda-9806-04c10c308b61\"><span style=\"font-weight: 400;\">\u00ab\u00a0Gu\u00e9rilleros de la binette\u00a0\u00bb<\/span><\/a><span style=\"font-weight: 400;\">, par Susan Semenak, Montr\u00e9al, Qu\u00e9bec, mai 2008.<\/span>[\/vc_column_text]<div class=\"vcex-spacing\" style=\"height:30px\"><\/div>[vc_column_text]<span style=\"font-weight: 400;\">Magazine <\/span><i><span style=\"font-weight: 400;\">Taddle Creek<\/span><\/i><span style=\"font-weight: 400;\">, <\/span><a href=\"http:\/\/www.taddlecreekmag.com\/neighbourhood-watch\"><i><span style=\"font-weight: 400;\">\u00ab\u00a0Neighbourhood Watch &#8211; Field Custodian\u00a0\u00bb<\/span><\/i><\/a><span style=\"font-weight: 400;\">, par Sarah Gilbert, Montr\u00e9al, Qu\u00e9bec, juin 2010.<\/span>[\/vc_column_text]<div class=\"vcex-spacing\" style=\"height:30px\"><\/div>[vc_column_text]\n<p><a href=\"http:\/\/spacing.ca\/national\/2011\/08\/12\/spacing-shorts-004-steps-ft-emily-rose-michaud-sprout-out-loud\"><i><span style=\"font-weight: 400;\">Spacing Montr\u00e9al<\/span><\/i><\/a><span style=\"font-weight: 400;\">, \u00ab\u00a0Le jardin Roerich\u00a0\u00bb. Nous discutons de mon projet sur un terrain vague dans le Mile End de Montr\u00e9al. Ce champ sauvage et l&rsquo;espace vert appartenant \u00e0 la ville est l&rsquo;un des derniers endroits non am\u00e9nag\u00e9s du quartier. Nous discutons \u00e9galement du livre Roerich avec <\/span><a href=\"http:\/\/roerichproject.artefati.ca\/\"><span style=\"font-weight: 400;\">Artefati.ca<\/span><\/a><span style=\"font-weight: 400;\">, une archive \u00e9lectronique communautaire de ce territoire. Montr\u00e9al, Qu\u00e9bec, ao\u00fbt 2011.<\/span><\/p>\n<audio class=\"wp-audio-shortcode\" id=\"audio-2912-1\" preload=\"none\" style=\"width: 100%;\" controls=\"controls\"><source type=\"audio\/mpeg\" src=\"http:\/\/www.emilyrosemichaud.com\/wp-content\/uploads\/2014\/04\/spacingshorts-004.mp3?_=1\" \/><a href=\"http:\/\/www.emilyrosemichaud.com\/wp-content\/uploads\/2014\/04\/spacingshorts-004.mp3\">http:\/\/www.emilyrosemichaud.com\/wp-content\/uploads\/2014\/04\/spacingshorts-004.mp3<\/a><\/audio>\n[\/vc_column_text]<div class=\"vcex-spacing\" style=\"height:30px\"><\/div>[vc_column_text]<span style=\"font-weight: 400;\">Le Devoir, <\/span><a href=\"http:\/\/www.ledevoir.com\/opinion\/blogues\/le-blogue-urbain\/378865\/petite-revolution-urbaine-a-montreal-le-champs-des-possibles-un-non-parc\"><span style=\"font-weight: 400;\">\u00ab\u00a0Petite r\u00e9volution urbaine \u00e0 Montr\u00e9al : le Champ des possibles &#8211; un non-parc ?<\/span><\/a><span style=\"font-weight: 400;\"> Art et \u00e9cologie convergent pour cr\u00e9er un premier parc sauvage\u00a0\u00bb, par Isabelle Par\u00e9, Montr\u00e9al, Qu\u00e9bec, mai 2013.<\/span>[\/vc_column_text]<div class=\"vcex-spacing\" style=\"height:30px\"><\/div>[vc_column_text]<span style=\"font-weight: 400;\">CBC, \u00ab\u00a0All in a Day\u00a0\u00bb Interview \u00e0 propos du <\/span><i><span style=\"font-weight: 400;\">Fort Village<\/span><\/i><span style=\"font-weight: 400;\"> : un projet activant le territoire et l&rsquo;espace public pendant trois jours de radio pirate (J0X 3G0) et d&rsquo;installations de fort \u00e0 Wakefield, Qu\u00e9bec pour le festival d&rsquo;arts Wakefest. Wakefield, Qu\u00e9bec, ao\u00fbt 2013.<\/span><\/p>\n<audio class=\"wp-audio-shortcode\" id=\"audio-2912-2\" preload=\"none\" style=\"width: 100%;\" controls=\"controls\"><source type=\"audio\/mpeg\" src=\"http:\/\/www.emilyrosemichaud.com\/wp-content\/uploads\/2014\/04\/wakefield-pirate-radio.mp3?_=2\" \/><a href=\"http:\/\/www.emilyrosemichaud.com\/wp-content\/uploads\/2014\/04\/wakefield-pirate-radio.mp3\">http:\/\/www.emilyrosemichaud.com\/wp-content\/uploads\/2014\/04\/wakefield-pirate-radio.mp3<\/a><\/audio>\n[\/vc_column_text]<div class=\"vcex-spacing\" style=\"height:30px\"><\/div>[vc_column_text]<span style=\"font-weight: 400;\">CKUT, 90.3 FM&rsquo;s <\/span><a href=\"https:\/\/vintin.wordpress.com\/2015\/06\/04\/playlist-of-the-kitchen-bang-bang-law-broadcast-2-jun-15-on-ckut-fm\/\"><span style=\"font-weight: 400;\">\u00ab\u00a0Kitchen Bang Bang Law\u00a0\u00bb<\/span><\/a><span style=\"font-weight: 400;\">. Avec l\u2019animateur Vincent Tinguely, je discute de mon travail d&rsquo;artiste et d&rsquo;\u00e9ducatrice ainsi de ma conf\u00e9rence \u00e0 <\/span><i><span style=\"font-weight: 400;\">Drawn &amp; Quarterly.<\/span><\/i> <a href=\"http:\/\/archives.ckut.ca\/128\/20150602.12.00-13.00.mp3\"><span style=\"font-weight: 400;\">\u00c9coutez l&rsquo;\u00e9mission \u00e0 0:20:00<\/span><\/a><span style=\"font-weight: 400;\">. Montr\u00e9al, Qu\u00e9bec, juin 2015.<\/span>[\/vc_column_text][\/vc_column][\/vc_row][vc_row][vc_column][vc_column_text]\n<h5><strong>Credits<\/strong><\/h5>\n<h5>The Roerich Garden Project. art: <a href=\"http:\/\/nicolefournier.blogspot.ca\/\" target=\"_blank\" rel=\"noopener\">Nicole Fournier<\/a> | photo: Alfonso Arzapalo<\/h5>\n<h5>Relationships in Ecology. art: Emily Rose Michaud | photo: <a href=\"http:\/\/danielseguin.ca\/main\/#home\" target=\"_blank\" rel=\"noopener\">Daniel Seguin<\/a><\/h5>\n<h5>Art as Resistance. art + photo: <a href=\"http:\/\/benesiinaabandan.com\/\" target=\"_blank\" rel=\"noopener\">Scott Benesiinaabandan<\/a><\/h5>\n<h5>Guerilla Gardens &amp; Land Artists. art: Emily Rose Michaud | photo: Frederik Froument<\/h5>\n[\/vc_column_text][\/vc_column][\/vc_row]\n<\/div>","protected":false},"excerpt":{"rendered":"<p>[vc_row][vc_column][vc_column_text css=\u00a0\u00bb.vc_custom_1590594039973{margin-top: 10px !important;}\u00a0\u00bb]Je suis disponible pour pr\u00e9senter, discuter et partager mon travail dans les domaines de l\u2019art, de l\u2019activisme et de l\u2019\u00e9cologie. Vous trouverez ci-dessous des exemples de pr\u00e9sentations r\u00e9centes.[\/vc_column_text][vc_column_text]Apt613.ca, Tributaries at Mississippi Valley Textile Museum, Lana Crossman, Ottawa,&hellip;<\/p>\n","protected":false},"author":2,"featured_media":0,"parent":0,"menu_order":0,"comment_status":"closed","ping_status":"closed","template":"","meta":{"footnotes":""},"class_list":["post-2912","page","type-page","status-publish","hentry","entry","no-media"],"_links":{"self":[{"href":"https:\/\/emilyrosemichaud.com\/fr\/wp-json\/wp\/v2\/pages\/2912","targetHints":{"allow":["GET"]}}],"collection":[{"href":"https:\/\/emilyrosemichaud.com\/fr\/wp-json\/wp\/v2\/pages"}],"about":[{"href":"https:\/\/emilyrosemichaud.com\/fr\/wp-json\/wp\/v2\/types\/page"}],"author":[{"embeddable":true,"href":"https:\/\/emilyrosemichaud.com\/fr\/wp-json\/wp\/v2\/users\/2"}],"replies":[{"embeddable":true,"href":"https:\/\/emilyrosemichaud.com\/fr\/wp-json\/wp\/v2\/comments?post=2912"}],"version-history":[{"count":4,"href":"https:\/\/emilyrosemichaud.com\/fr\/wp-json\/wp\/v2\/pages\/2912\/revisions"}],"predecessor-version":[{"id":5254,"href":"https:\/\/emilyrosemichaud.com\/fr\/wp-json\/wp\/v2\/pages\/2912\/revisions\/5254"}],"wp:attachment":[{"href":"https:\/\/emilyrosemichaud.com\/fr\/wp-json\/wp\/v2\/media?parent=2912"}],"curies":[{"name":"wp","href":"https:\/\/api.w.org\/{rel}","templated":true}]}}